{"id":2,"date":"2012-07-26T19:48:36","date_gmt":"2012-07-26T17:48:36","guid":{"rendered":"http:\/\/www.alexandrafau.com\/fr\/?page_id=2"},"modified":"2026-03-25T19:04:12","modified_gmt":"2026-03-25T17:04:12","slug":"sample-page","status":"publish","type":"page","link":"http:\/\/www.alexandrafau.com\/fr\/","title":{"rendered":"Alexandra Fau est commissaire d\u2019expositions ind\u00e9pendante, critique d\u2019art (Architecture d\u2019aujourd\u2019hui, CREE, 02, Archistorm) et professeur d\u2019histoire de l\u2019art. Elle dirige la Chaire\u00a0Nouveaux imaginaires du dessin\u00a0\u00e0 l\u2019Ecole des Arts D\u00e9coratifs de Paris-PSL et le programme Post-r\u00e9sidence de la Villa Kujoyama depuis 2023.\u00a0"},"content":{"rendered":"\n<p>Ses expositions soulignent les relations entre art et architecture (\u00ab Architecture invisible ? \u00bb, \u00ab Architecture au corps \u00bb, \u00ab Chez soi \u00bb, \u00ab\u00a0La grotte de l\u2019amiti\u00e9\u00a0\u00bb), et art et design (\u00ab la tyrannie des objets \u00bb, \u00ab Design d&#8217;auteur, un art int\u00e9rieur \u00bb ). Sa r\u00e9cente recherche sur les ann\u00e9es alg\u00e9riennes de Fernand Pouillon (soutien Sur- Mesure + de l\u2019Institut fran\u00e7ais) fera l\u2019objet d\u2019une exposition \u00ab\u00a0Les silences de l\u2019architecture (Fernand Pouillon 1912-1986)\u00a0\u00bb au [mac]\u00a0Marseille en 2027.\u00a0<\/p>\n\n\n\n<p>Ses interrogations sur l\u2019\u00e9mergence d\u2019un art dont la destination finale est \u00e0 jamais ind\u00e9termin\u00e9e, son espace d\u2019apparition sans cesse \u00e0 red\u00e9finir, et ses outils de diffusion \u00e0 repenser l\u2019ont amen\u00e9e \u00e0 partir en qu\u00eate d\u2019un mentor, en la personne de Virginia Dwan (exposition \u00ab Fertile Lands \u00bb en 2016 \u00e0 la Fondation Ricard). Elle a con\u00e7u \u00e9galement des environnements&nbsp;<em>in situ&nbsp;<\/em>avec les artistes Laetitia Badaut Haussmann (novembre 2018), Lamarche Ovize (mai 2019), Jean-Pascal Flavien (d\u00e9cembre 2019), Goni Shifron (mai 2020), Paul Mignard (septembre 2021) chez Fabre, une nouvelle adresse d\u00e9di\u00e9e \u00e0 la production d\u2019art contemporain.&nbsp;<\/p>\n\n\n\n<p><a href=\"http:\/\/www.alexandrafau.com\/pdf\/Curateur_beauxarts_Alexandra_Fau.pdf\">article de Judica\u00ebl Lavrador paru le 1er novembre 2019 dans Beaux-Arts magazine sur les coulisses de l&#8217;art contemporain<\/a><\/p>\n","protected":false},"excerpt":{"rendered":"<p>Ses expositions soulignent les relations entre art et architecture (\u00ab Architecture invisible ? \u00bb, \u00ab Architecture au corps \u00bb, \u00ab Chez soi \u00bb, \u00ab\u00a0La grotte de l\u2019amiti\u00e9\u00a0\u00bb), et art et [&hellip;]<\/p>\n","protected":false},"author":1,"featured_media":0,"parent":0,"menu_order":0,"comment_status":"closed","ping_status":"closed","template":"template-full-width.php","meta":{"footnotes":""},"class_list":["post-2","page","type-page","status-publish","hentry"],"jetpack_sharing_enabled":true,"jetpack_shortlink":"https:\/\/wp.me\/P2Gxt7-2","_links":{"self":[{"href":"http:\/\/www.alexandrafau.com\/fr\/wp-json\/wp\/v2\/pages\/2","targetHints":{"allow":["GET"]}}],"collection":[{"href":"http:\/\/www.alexandrafau.com\/fr\/wp-json\/wp\/v2\/pages"}],"about":[{"href":"http:\/\/www.alexandrafau.com\/fr\/wp-json\/wp\/v2\/types\/page"}],"author":[{"embeddable":true,"href":"http:\/\/www.alexandrafau.com\/fr\/wp-json\/wp\/v2\/users\/1"}],"replies":[{"embeddable":true,"href":"http:\/\/www.alexandrafau.com\/fr\/wp-json\/wp\/v2\/comments?post=2"}],"version-history":[{"count":9,"href":"http:\/\/www.alexandrafau.com\/fr\/wp-json\/wp\/v2\/pages\/2\/revisions"}],"predecessor-version":[{"id":811,"href":"http:\/\/www.alexandrafau.com\/fr\/wp-json\/wp\/v2\/pages\/2\/revisions\/811"}],"wp:attachment":[{"href":"http:\/\/www.alexandrafau.com\/fr\/wp-json\/wp\/v2\/media?parent=2"}],"curies":[{"name":"wp","href":"https:\/\/api.w.org\/{rel}","templated":true}]}}